{"id":11184,"date":"2024-12-12T10:48:28","date_gmt":"2024-12-12T09:48:28","guid":{"rendered":"https:\/\/icoprevencio.cat\/uct\/?page_id=11184"},"modified":"2026-01-19T12:53:44","modified_gmt":"2026-01-19T11:53:44","slug":"ultimes-noticies","status":"publish","type":"page","link":"https:\/\/icoprevencio.cat\/uct\/ultimes-noticies\/","title":{"rendered":"NOT\u00cdCIES"},"content":{"rendered":"\n<div class=\"wp-block-uagb-container uagb-block-709c37ea alignfull uagb-is-root-container\"><div class=\"uagb-container-inner-blocks-wrap\">\n<div class=\"wp-block-uagb-info-box uagb-block-353171f0 uagb-infobox__content-wrap  uagb-infobox-icon-above-title uagb-infobox-image-valign-top wp-block-uagb-info-box--has-margin\"><div class=\"uagb-infobox-margin-wrapper\"><div class=\"uagb-ifb-content\"><div class=\"uagb-ifb-title-wrap\"><h2 class=\"uagb-ifb-title\"><strong><strong><strong>Not\u00edcies<\/strong><\/strong><\/strong><\/h2><\/div><\/div><\/div><\/div>\n<\/div><\/div>\n\n\n\n<div style=\"height:94px\" aria-hidden=\"true\" class=\"wp-block-spacer\"><\/div>\n\n\n\n\t\t\t<div class=\"wp-block-uagb-post-grid uagb-post-grid  uagb-post__image-position-top uagb-post__image-enabled uagb-block-40ec1ce9     uagb-post__items uagb-post__columns-3 is-grid uagb-post__columns-tablet-2 uagb-post__columns-mobile-1 uagb-post__equal-height\" data-total=\"49\" style=\"\">\n\n\t\t\t\t\t\t\t\t\t\t\t\t<article class=\"uagb-post__inner-wrap\">\t\t\t\t\t\t\t\t<div class='uagb-post__image'>\n\t\t\t\t\t\t\t\t\t<a href=\"https:\/\/icoprevencio.cat\/uct\/les-cigarretes-electroniques-guanyen-terreny-entre-els-joves-europeus-el-consum-es-duplica-en-una-decada\/\" target=\"_self\" rel=\"bookmark noopener noreferrer\" class='uagb-image-ratio-inherit'><img loading=\"lazy\" decoding=\"async\" width=\"1024\" height=\"576\" src=\"https:\/\/icoprevencio.cat\/uct\/wp-content\/uploads\/sites\/10\/2026\/08\/ecigarrete-1024x576.jpg\" class=\"attachment-large size-large\" alt=\"\" srcset=\"https:\/\/icoprevencio.cat\/uct\/wp-content\/uploads\/sites\/10\/2026\/08\/ecigarrete-1024x576.jpg 1024w, https:\/\/icoprevencio.cat\/uct\/wp-content\/uploads\/sites\/10\/2026\/08\/ecigarrete-300x169.jpg 300w, https:\/\/icoprevencio.cat\/uct\/wp-content\/uploads\/sites\/10\/2026\/08\/ecigarrete-768x432.jpg 768w, https:\/\/icoprevencio.cat\/uct\/wp-content\/uploads\/sites\/10\/2026\/08\/ecigarrete-1536x864.jpg 1536w, https:\/\/icoprevencio.cat\/uct\/wp-content\/uploads\/sites\/10\/2026\/08\/ecigarrete-500x281.jpg 500w, https:\/\/icoprevencio.cat\/uct\/wp-content\/uploads\/sites\/10\/2026\/08\/ecigarrete-800x450.jpg 800w, https:\/\/icoprevencio.cat\/uct\/wp-content\/uploads\/sites\/10\/2026\/08\/ecigarrete-1280x720.jpg 1280w, https:\/\/icoprevencio.cat\/uct\/wp-content\/uploads\/sites\/10\/2026\/08\/ecigarrete.jpg 1920w\" sizes=\"auto, (max-width: 1024px) 100vw, 1024px\" \/>\t\t\t\t\t<\/a>\n\t\t\t\t\t\t\t<\/div>\n\t\t\t\t\t\t<h4 class=\"uagb-post__title uagb-post__text\">\n\t\t\t\t<a href=\"https:\/\/icoprevencio.cat\/uct\/les-cigarretes-electroniques-guanyen-terreny-entre-els-joves-europeus-el-consum-es-duplica-en-una-decada\/\" target=\"_self\" rel=\"bookmark noopener noreferrer\">Les cigarretes electr\u00f2niques guanyen terreny entre els joves europeus: el consum es duplica en una d\u00e8cada<\/a>\n\t\t\t<\/h4>\n\t\t\t\t\t\t<div class='uagb-post__text uagb-post-grid-byline'>\n\t\t\t\t\t\t\t<\/div>\n\t\t\t\t\t\t<div class=\"uagb-post__text uagb-post__cta wp-block-button\">\n\t\t\t\t<a class=\"wp-block-button__link uagb-text-link\" style=\"\" href=\"https:\/\/icoprevencio.cat\/uct\/les-cigarretes-electroniques-guanyen-terreny-entre-els-joves-europeus-el-consum-es-duplica-en-una-decada\/\" target=\"_self\" rel=\"bookmark noopener noreferrer\">Llegeix m\u00e9s<\/a>\n\t\t\t<\/div>\n\t\t\t\n\t\t\t\t\t\t\t\t\t<\/article>\n\t\t\t\t\t\t\t\t\t\t\t\t\t\t\t\t<article class=\"uagb-post__inner-wrap\">\t\t\t\t\t\t\t\t<div class='uagb-post__image'>\n\t\t\t\t\t\t\t\t\t<a href=\"https:\/\/icoprevencio.cat\/uct\/la-uct-imparteix-formacio-en-ciencia-de-la-implementacio-a-lescola-de-salut-publica-de-mexic\/\" target=\"_self\" rel=\"bookmark noopener noreferrer\" class='uagb-image-ratio-inherit'><img loading=\"lazy\" decoding=\"async\" width=\"1024\" height=\"576\" src=\"https:\/\/icoprevencio.cat\/uct\/wp-content\/uploads\/sites\/10\/2026\/08\/elearning-1024x576.jpg\" class=\"attachment-large size-large\" alt=\"\" srcset=\"https:\/\/icoprevencio.cat\/uct\/wp-content\/uploads\/sites\/10\/2026\/08\/elearning-1024x576.jpg 1024w, https:\/\/icoprevencio.cat\/uct\/wp-content\/uploads\/sites\/10\/2026\/08\/elearning-300x169.jpg 300w, https:\/\/icoprevencio.cat\/uct\/wp-content\/uploads\/sites\/10\/2026\/08\/elearning-768x432.jpg 768w, https:\/\/icoprevencio.cat\/uct\/wp-content\/uploads\/sites\/10\/2026\/08\/elearning-1536x864.jpg 1536w, https:\/\/icoprevencio.cat\/uct\/wp-content\/uploads\/sites\/10\/2026\/08\/elearning-500x281.jpg 500w, https:\/\/icoprevencio.cat\/uct\/wp-content\/uploads\/sites\/10\/2026\/08\/elearning-800x450.jpg 800w, https:\/\/icoprevencio.cat\/uct\/wp-content\/uploads\/sites\/10\/2026\/08\/elearning-1280x720.jpg 1280w, https:\/\/icoprevencio.cat\/uct\/wp-content\/uploads\/sites\/10\/2026\/08\/elearning.jpg 1920w\" sizes=\"auto, (max-width: 1024px) 100vw, 1024px\" \/>\t\t\t\t\t<\/a>\n\t\t\t\t\t\t\t<\/div>\n\t\t\t\t\t\t<h4 class=\"uagb-post__title uagb-post__text\">\n\t\t\t\t<a href=\"https:\/\/icoprevencio.cat\/uct\/la-uct-imparteix-formacio-en-ciencia-de-la-implementacio-a-lescola-de-salut-publica-de-mexic\/\" target=\"_self\" rel=\"bookmark noopener noreferrer\">La UCT imparteix formaci\u00f3 en Ci\u00e8ncia de la Implementaci\u00f3 a l&#8217;Escola de Salut P\u00fablica de M\u00e8xic<\/a>\n\t\t\t<\/h4>\n\t\t\t\t\t\t<div class='uagb-post__text uagb-post-grid-byline'>\n\t\t\t\t\t\t\t<\/div>\n\t\t\t\t\t\t<div class=\"uagb-post__text uagb-post__cta wp-block-button\">\n\t\t\t\t<a class=\"wp-block-button__link uagb-text-link\" style=\"\" href=\"https:\/\/icoprevencio.cat\/uct\/la-uct-imparteix-formacio-en-ciencia-de-la-implementacio-a-lescola-de-salut-publica-de-mexic\/\" target=\"_self\" rel=\"bookmark noopener noreferrer\">Llegeix m\u00e9s<\/a>\n\t\t\t<\/div>\n\t\t\t\n\t\t\t\t\t\t\t\t\t<\/article>\n\t\t\t\t\t\t\t\t\t\t\t\t\t\t\t\t<article class=\"uagb-post__inner-wrap\">\t\t\t\t\t\t\t\t<div class='uagb-post__image'>\n\t\t\t\t\t\t\t\t\t<a href=\"https:\/\/icoprevencio.cat\/uct\/un-estudi-coliderat-per-la-uct-confirma-que-fumar-multiplica-per-gairebe-tres-el-risc-de-cancer-desofag\/\" target=\"_self\" rel=\"bookmark noopener noreferrer\" class='uagb-image-ratio-inherit'><img loading=\"lazy\" decoding=\"async\" width=\"1024\" height=\"576\" src=\"https:\/\/icoprevencio.cat\/uct\/wp-content\/uploads\/sites\/10\/2026\/07\/fotos-tabaco-2-1024x576.jpg\" class=\"attachment-large size-large\" alt=\"\" srcset=\"https:\/\/icoprevencio.cat\/uct\/wp-content\/uploads\/sites\/10\/2026\/07\/fotos-tabaco-2-1024x576.jpg 1024w, https:\/\/icoprevencio.cat\/uct\/wp-content\/uploads\/sites\/10\/2026\/07\/fotos-tabaco-2-300x169.jpg 300w, https:\/\/icoprevencio.cat\/uct\/wp-content\/uploads\/sites\/10\/2026\/07\/fotos-tabaco-2-768x432.jpg 768w, https:\/\/icoprevencio.cat\/uct\/wp-content\/uploads\/sites\/10\/2026\/07\/fotos-tabaco-2-1536x864.jpg 1536w, https:\/\/icoprevencio.cat\/uct\/wp-content\/uploads\/sites\/10\/2026\/07\/fotos-tabaco-2-500x281.jpg 500w, https:\/\/icoprevencio.cat\/uct\/wp-content\/uploads\/sites\/10\/2026\/07\/fotos-tabaco-2-800x450.jpg 800w, https:\/\/icoprevencio.cat\/uct\/wp-content\/uploads\/sites\/10\/2026\/07\/fotos-tabaco-2-1280x720.jpg 1280w, https:\/\/icoprevencio.cat\/uct\/wp-content\/uploads\/sites\/10\/2026\/07\/fotos-tabaco-2.jpg 1920w\" sizes=\"auto, (max-width: 1024px) 100vw, 1024px\" \/>\t\t\t\t\t<\/a>\n\t\t\t\t\t\t\t<\/div>\n\t\t\t\t\t\t<h4 class=\"uagb-post__title uagb-post__text\">\n\t\t\t\t<a href=\"https:\/\/icoprevencio.cat\/uct\/un-estudi-coliderat-per-la-uct-confirma-que-fumar-multiplica-per-gairebe-tres-el-risc-de-cancer-desofag\/\" target=\"_self\" rel=\"bookmark noopener noreferrer\">Un estudi coliderat per la UCT confirma que fumar multiplica per gaireb\u00e9 tres el risc de c\u00e0ncer d&#8217;es\u00f2fag<\/a>\n\t\t\t<\/h4>\n\t\t\t\t\t\t<div class='uagb-post__text uagb-post-grid-byline'>\n\t\t\t\t\t\t\t<\/div>\n\t\t\t\t\t\t<div class=\"uagb-post__text uagb-post__cta wp-block-button\">\n\t\t\t\t<a class=\"wp-block-button__link uagb-text-link\" style=\"\" href=\"https:\/\/icoprevencio.cat\/uct\/un-estudi-coliderat-per-la-uct-confirma-que-fumar-multiplica-per-gairebe-tres-el-risc-de-cancer-desofag\/\" target=\"_self\" rel=\"bookmark noopener noreferrer\">Llegeix m\u00e9s<\/a>\n\t\t\t<\/div>\n\t\t\t\n\t\t\t\t\t\t\t\t\t<\/article>\n\t\t\t\t\t\t\t\t\t\t\t\t\t\t\t\t<article class=\"uagb-post__inner-wrap\">\t\t\t\t\t\t\t\t<div class='uagb-post__image'>\n\t\t\t\t\t\t\t\t\t<a href=\"https:\/\/icoprevencio.cat\/uct\/20-anys-de-lescala-de-control-del-tabac-una-eina-clau-per-impulsar-les-politiques-de-control-del-tabaquisme\/\" target=\"_self\" rel=\"bookmark noopener noreferrer\" class='uagb-image-ratio-inherit'><img loading=\"lazy\" decoding=\"async\" width=\"1024\" height=\"576\" src=\"https:\/\/icoprevencio.cat\/uct\/wp-content\/uploads\/sites\/10\/2026\/07\/BumpChart-1024x576.jpg\" class=\"attachment-large size-large\" alt=\"\" srcset=\"https:\/\/icoprevencio.cat\/uct\/wp-content\/uploads\/sites\/10\/2026\/07\/BumpChart-1024x576.jpg 1024w, https:\/\/icoprevencio.cat\/uct\/wp-content\/uploads\/sites\/10\/2026\/07\/BumpChart-300x169.jpg 300w, https:\/\/icoprevencio.cat\/uct\/wp-content\/uploads\/sites\/10\/2026\/07\/BumpChart-768x432.jpg 768w, https:\/\/icoprevencio.cat\/uct\/wp-content\/uploads\/sites\/10\/2026\/07\/BumpChart-500x281.jpg 500w, https:\/\/icoprevencio.cat\/uct\/wp-content\/uploads\/sites\/10\/2026\/07\/BumpChart-800x450.jpg 800w, https:\/\/icoprevencio.cat\/uct\/wp-content\/uploads\/sites\/10\/2026\/07\/BumpChart.jpg 1200w\" sizes=\"auto, (max-width: 1024px) 100vw, 1024px\" \/>\t\t\t\t\t<\/a>\n\t\t\t\t\t\t\t<\/div>\n\t\t\t\t\t\t<h4 class=\"uagb-post__title uagb-post__text\">\n\t\t\t\t<a href=\"https:\/\/icoprevencio.cat\/uct\/20-anys-de-lescala-de-control-del-tabac-una-eina-clau-per-impulsar-les-politiques-de-control-del-tabaquisme\/\" target=\"_self\" rel=\"bookmark noopener noreferrer\">20 anys de l&#8217;Escala de Control del Tabac: una eina clau per impulsar les pol\u00edtiques de control del tabaquisme<\/a>\n\t\t\t<\/h4>\n\t\t\t\t\t\t<div class='uagb-post__text uagb-post-grid-byline'>\n\t\t\t\t\t\t\t<\/div>\n\t\t\t\t\t\t<div class=\"uagb-post__text uagb-post__cta wp-block-button\">\n\t\t\t\t<a class=\"wp-block-button__link uagb-text-link\" style=\"\" href=\"https:\/\/icoprevencio.cat\/uct\/20-anys-de-lescala-de-control-del-tabac-una-eina-clau-per-impulsar-les-politiques-de-control-del-tabaquisme\/\" target=\"_self\" rel=\"bookmark noopener noreferrer\">Llegeix m\u00e9s<\/a>\n\t\t\t<\/div>\n\t\t\t\n\t\t\t\t\t\t\t\t\t<\/article>\n\t\t\t\t\t\t\t\t\t\t\t\t\t\t\t\t<article class=\"uagb-post__inner-wrap\">\t\t\t\t\t\t\t\t<div class='uagb-post__image'>\n\t\t\t\t\t\t\t\t\t<a href=\"https:\/\/icoprevencio.cat\/uct\/la-uct-posa-en-marxa-un-estudi-per-avaluar-les-politiques-de-platges-sense-fum-al-litoral-barceloni\/\" target=\"_self\" rel=\"bookmark noopener noreferrer\" class='uagb-image-ratio-inherit'><img loading=\"lazy\" decoding=\"async\" width=\"1024\" height=\"576\" src=\"https:\/\/icoprevencio.cat\/uct\/wp-content\/uploads\/sites\/10\/2026\/07\/WhatsApp-Image-2026-07-14-at-13.54.44-1024x576.jpg\" class=\"attachment-large size-large\" alt=\"\" srcset=\"https:\/\/icoprevencio.cat\/uct\/wp-content\/uploads\/sites\/10\/2026\/07\/WhatsApp-Image-2026-07-14-at-13.54.44-1024x576.jpg 1024w, https:\/\/icoprevencio.cat\/uct\/wp-content\/uploads\/sites\/10\/2026\/07\/WhatsApp-Image-2026-07-14-at-13.54.44-300x169.jpg 300w, https:\/\/icoprevencio.cat\/uct\/wp-content\/uploads\/sites\/10\/2026\/07\/WhatsApp-Image-2026-07-14-at-13.54.44-768x432.jpg 768w, https:\/\/icoprevencio.cat\/uct\/wp-content\/uploads\/sites\/10\/2026\/07\/WhatsApp-Image-2026-07-14-at-13.54.44-500x281.jpg 500w, https:\/\/icoprevencio.cat\/uct\/wp-content\/uploads\/sites\/10\/2026\/07\/WhatsApp-Image-2026-07-14-at-13.54.44-800x450.jpg 800w, https:\/\/icoprevencio.cat\/uct\/wp-content\/uploads\/sites\/10\/2026\/07\/WhatsApp-Image-2026-07-14-at-13.54.44.jpg 1200w\" sizes=\"auto, (max-width: 1024px) 100vw, 1024px\" \/>\t\t\t\t\t<\/a>\n\t\t\t\t\t\t\t<\/div>\n\t\t\t\t\t\t<h4 class=\"uagb-post__title uagb-post__text\">\n\t\t\t\t<a href=\"https:\/\/icoprevencio.cat\/uct\/la-uct-posa-en-marxa-un-estudi-per-avaluar-les-politiques-de-platges-sense-fum-al-litoral-barceloni\/\" target=\"_self\" rel=\"bookmark noopener noreferrer\">La UCT posa en marxa un estudi per avaluar les pol\u00edtiques de platges sense fum al litoral barcelon\u00ed<\/a>\n\t\t\t<\/h4>\n\t\t\t\t\t\t<div class='uagb-post__text uagb-post-grid-byline'>\n\t\t\t\t\t\t\t<\/div>\n\t\t\t\t\t\t<div class=\"uagb-post__text uagb-post__cta wp-block-button\">\n\t\t\t\t<a class=\"wp-block-button__link uagb-text-link\" style=\"\" href=\"https:\/\/icoprevencio.cat\/uct\/la-uct-posa-en-marxa-un-estudi-per-avaluar-les-politiques-de-platges-sense-fum-al-litoral-barceloni\/\" target=\"_self\" rel=\"bookmark noopener noreferrer\">Llegeix m\u00e9s<\/a>\n\t\t\t<\/div>\n\t\t\t\n\t\t\t\t\t\t\t\t\t<\/article>\n\t\t\t\t\t\t\t\t\t\t\t\t\t\t\t\t<article class=\"uagb-post__inner-wrap\">\t\t\t\t\t\t\t\t<div class='uagb-post__image'>\n\t\t\t\t\t\t\t\t\t<a href=\"https:\/\/icoprevencio.cat\/uct\/aprovat-el-projecte-de-llei-del-tabac-mes-espais-sense-fum-i-major-proteccio-per-a-infants-i-joves\/\" target=\"_self\" rel=\"bookmark noopener noreferrer\" class='uagb-image-ratio-inherit'><img loading=\"lazy\" decoding=\"async\" width=\"1024\" height=\"576\" src=\"https:\/\/icoprevencio.cat\/uct\/wp-content\/uploads\/sites\/10\/2026\/07\/fotos-tabaco-1024x576.jpg\" class=\"attachment-large size-large\" alt=\"\" srcset=\"https:\/\/icoprevencio.cat\/uct\/wp-content\/uploads\/sites\/10\/2026\/07\/fotos-tabaco-1024x576.jpg 1024w, https:\/\/icoprevencio.cat\/uct\/wp-content\/uploads\/sites\/10\/2026\/07\/fotos-tabaco-300x169.jpg 300w, https:\/\/icoprevencio.cat\/uct\/wp-content\/uploads\/sites\/10\/2026\/07\/fotos-tabaco-768x432.jpg 768w, https:\/\/icoprevencio.cat\/uct\/wp-content\/uploads\/sites\/10\/2026\/07\/fotos-tabaco-1536x864.jpg 1536w, https:\/\/icoprevencio.cat\/uct\/wp-content\/uploads\/sites\/10\/2026\/07\/fotos-tabaco-500x281.jpg 500w, https:\/\/icoprevencio.cat\/uct\/wp-content\/uploads\/sites\/10\/2026\/07\/fotos-tabaco-800x450.jpg 800w, https:\/\/icoprevencio.cat\/uct\/wp-content\/uploads\/sites\/10\/2026\/07\/fotos-tabaco-1280x720.jpg 1280w, https:\/\/icoprevencio.cat\/uct\/wp-content\/uploads\/sites\/10\/2026\/07\/fotos-tabaco.jpg 1920w\" sizes=\"auto, (max-width: 1024px) 100vw, 1024px\" \/>\t\t\t\t\t<\/a>\n\t\t\t\t\t\t\t<\/div>\n\t\t\t\t\t\t<h4 class=\"uagb-post__title uagb-post__text\">\n\t\t\t\t<a href=\"https:\/\/icoprevencio.cat\/uct\/aprovat-el-projecte-de-llei-del-tabac-mes-espais-sense-fum-i-major-proteccio-per-a-infants-i-joves\/\" target=\"_self\" rel=\"bookmark noopener noreferrer\">Aprovat el projecte de llei del tabac: m\u00e9s espais sense fum i major protecci\u00f3 per a infants i joves<\/a>\n\t\t\t<\/h4>\n\t\t\t\t\t\t<div class='uagb-post__text uagb-post-grid-byline'>\n\t\t\t\t\t\t\t<\/div>\n\t\t\t\t\t\t<div class=\"uagb-post__text uagb-post__cta wp-block-button\">\n\t\t\t\t<a class=\"wp-block-button__link uagb-text-link\" style=\"\" href=\"https:\/\/icoprevencio.cat\/uct\/aprovat-el-projecte-de-llei-del-tabac-mes-espais-sense-fum-i-major-proteccio-per-a-infants-i-joves\/\" target=\"_self\" rel=\"bookmark noopener noreferrer\">Llegeix m\u00e9s<\/a>\n\t\t\t<\/div>\n\t\t\t\n\t\t\t\t\t\t\t\t\t<\/article>\n\t\t\t\t\t\t\t\t\t\t\t\t\t<div class=\"uagb-post-pagination-wrap\">\n\t\t\t\t\t\t<span aria-current=\"page\" class=\"page-numbers current\">1<\/span>\n<a class=\"page-numbers\" href=\"https:\/\/icoprevencio.cat\/uct\/wp-json\/wp\/v2\/pages\/11184\/page\/2\/\">2<\/a>\n<a class=\"page-numbers\" href=\"https:\/\/icoprevencio.cat\/uct\/wp-json\/wp\/v2\/pages\/11184\/page\/3\/\">3<\/a>\n<a class=\"page-numbers\" href=\"https:\/\/icoprevencio.cat\/uct\/wp-json\/wp\/v2\/pages\/11184\/page\/4\/\">4<\/a>\n<a class=\"page-numbers\" href=\"https:\/\/icoprevencio.cat\/uct\/wp-json\/wp\/v2\/pages\/11184\/page\/5\/\">5<\/a>\n<span class=\"page-numbers dots\">&hellip;<\/span>\n<a class=\"page-numbers\" href=\"https:\/\/icoprevencio.cat\/uct\/wp-json\/wp\/v2\/pages\/11184\/page\/46\/\">46<\/a>\n<a class=\"page-numbers\" href=\"https:\/\/icoprevencio.cat\/uct\/wp-json\/wp\/v2\/pages\/11184\/page\/47\/\">47<\/a>\n<a class=\"page-numbers\" href=\"https:\/\/icoprevencio.cat\/uct\/wp-json\/wp\/v2\/pages\/11184\/page\/48\/\">48<\/a>\n<a class=\"page-numbers\" href=\"https:\/\/icoprevencio.cat\/uct\/wp-json\/wp\/v2\/pages\/11184\/page\/49\/\">49<\/a>\n<a class=\"next page-numbers\" href=\"https:\/\/icoprevencio.cat\/uct\/wp-json\/wp\/v2\/pages\/11184\/page\/2\/\">Next \u00bb<\/a>\t\t\t\t\t<\/div>\n\t\t\t\t\t\t\t\t<\/div>\n\t\t\t\n\n\n<div style=\"height:80px\" aria-hidden=\"true\" class=\"wp-block-spacer\"><\/div>\n","protected":false},"excerpt":{"rendered":"","protected":false},"author":28,"featured_media":0,"parent":0,"menu_order":0,"comment_status":"closed","ping_status":"closed","template":"","meta":{"_uag_custom_page_level_css":"","site-sidebar-layout":"default","site-content-layout":"","ast-site-content-layout":"default","site-content-style":"default","site-sidebar-style":"default","ast-global-header-display":"","ast-banner-title-visibility":"","ast-main-header-display":"","ast-hfb-above-header-display":"","ast-hfb-below-header-display":"","ast-hfb-mobile-header-display":"","site-post-title":"disabled","ast-breadcrumbs-content":"","ast-featured-img":"","footer-sml-layout":"","ast-disable-related-posts":"","theme-transparent-header-meta":"","adv-header-id-meta":"","stick-header-meta":"","header-above-stick-meta":"","header-main-stick-meta":"","header-below-stick-meta":"","astra-migrate-meta-layouts":"set","ast-page-background-enabled":"default","ast-page-background-meta":{"desktop":{"background-color":"var(--ast-global-color-4)","background-image":"","background-repeat":"repeat","background-position":"center center","background-size":"auto","background-attachment":"scroll","background-type":"","background-media":"","overlay-type":"","overlay-color":"","overlay-opacity":"","overlay-gradient":""},"tablet":{"background-color":"","background-image":"","background-repeat":"repeat","background-position":"center center","background-size":"auto","background-attachment":"scroll","background-type":"","background-media":"","overlay-type":"","overlay-color":"","overlay-opacity":"","overlay-gradient":""},"mobile":{"background-color":"","background-image":"","background-repeat":"repeat","background-position":"center center","background-size":"auto","background-attachment":"scroll","background-type":"","background-media":"","overlay-type":"","overlay-color":"","overlay-opacity":"","overlay-gradient":""}},"ast-content-background-meta":{"desktop":{"background-color":"var(--ast-global-color-5)","background-image":"","background-repeat":"repeat","background-position":"center center","background-size":"auto","background-attachment":"scroll","background-type":"","background-media":"","overlay-type":"","overlay-color":"","overlay-opacity":"","overlay-gradient":""},"tablet":{"background-color":"var(--ast-global-color-5)","background-image":"","background-repeat":"repeat","background-position":"center center","background-size":"auto","background-attachment":"scroll","background-type":"","background-media":"","overlay-type":"","overlay-color":"","overlay-opacity":"","overlay-gradient":""},"mobile":{"background-color":"var(--ast-global-color-5)","background-image":"","background-repeat":"repeat","background-position":"center center","background-size":"auto","background-attachment":"scroll","background-type":"","background-media":"","overlay-type":"","overlay-color":"","overlay-opacity":"","overlay-gradient":""}},"_vp_format_video_url":"","_vp_image_focal_point":[],"footnotes":""},"class_list":["post-11184","page","type-page","status-publish","hentry"],"uagb_featured_image_src":{"full":false,"thumbnail":false,"medium":false,"medium_large":false,"large":false,"1536x1536":false,"2048x2048":false,"vp_sm":false,"vp_md":false,"vp_lg":false,"vp_xl":false,"vp_sm_popup":false,"vp_md_popup":false,"vp_xl_popup":false},"uagb_author_info":{"display_name":"clara","author_link":"https:\/\/icoprevencio.cat\/uct\/author\/clara\/"},"uagb_comment_info":0,"uagb_excerpt":null,"_links":{"self":[{"href":"https:\/\/icoprevencio.cat\/uct\/wp-json\/wp\/v2\/pages\/11184","targetHints":{"allow":["GET"]}}],"collection":[{"href":"https:\/\/icoprevencio.cat\/uct\/wp-json\/wp\/v2\/pages"}],"about":[{"href":"https:\/\/icoprevencio.cat\/uct\/wp-json\/wp\/v2\/types\/page"}],"author":[{"embeddable":true,"href":"https:\/\/icoprevencio.cat\/uct\/wp-json\/wp\/v2\/users\/28"}],"replies":[{"embeddable":true,"href":"https:\/\/icoprevencio.cat\/uct\/wp-json\/wp\/v2\/comments?post=11184"}],"version-history":[{"count":10,"href":"https:\/\/icoprevencio.cat\/uct\/wp-json\/wp\/v2\/pages\/11184\/revisions"}],"predecessor-version":[{"id":14627,"href":"https:\/\/icoprevencio.cat\/uct\/wp-json\/wp\/v2\/pages\/11184\/revisions\/14627"}],"wp:attachment":[{"href":"https:\/\/icoprevencio.cat\/uct\/wp-json\/wp\/v2\/media?parent=11184"}],"curies":[{"name":"wp","href":"https:\/\/api.w.org\/{rel}","templated":true}]}}