{"id":14129,"date":"2025-07-18T10:24:52","date_gmt":"2025-07-18T09:24:52","guid":{"rendered":"https:\/\/icoprevencio.cat\/uct\/?page_id=14129"},"modified":"2025-07-18T10:24:53","modified_gmt":"2025-07-18T09:24:53","slug":"respir-net","status":"publish","type":"page","link":"https:\/\/icoprevencio.cat\/uct\/respir-net\/","title":{"rendered":"RESPIR.NET"},"content":{"rendered":"\n<div class=\"wp-block-uagb-container uagb-block-709c37ea alignfull uagb-is-root-container\"><div class=\"uagb-container-inner-blocks-wrap\">\n<div class=\"wp-block-uagb-info-box uagb-block-353171f0 uagb-infobox__content-wrap  uagb-infobox-icon-above-title uagb-infobox-image-valign-top wp-block-uagb-info-box--has-margin\"><div class=\"uagb-infobox-margin-wrapper\"><div class=\"uagb-ifb-content\"><div class=\"uagb-ifb-title-wrap\"><h2 class=\"uagb-ifb-title\"><strong>Projectes anteriors<\/strong><\/h2><\/div><\/div><\/div><\/div>\n<\/div><\/div>\n\n\n\n<div style=\"height:62px\" aria-hidden=\"true\" class=\"wp-block-spacer\"><\/div>\n\n\n\n<div class=\"wp-block-uagb-image uagb-block-71d5725e wp-block-uagb-image--layout-default wp-block-uagb-image--effect-static wp-block-uagb-image--align-none\"><figure class=\"wp-block-uagb-image__figure\"><img decoding=\"async\" src=\"https:\/\/icoprevencio.cat\/uct\/wp-content\/uploads\/sites\/10\/2025\/07\/respirnet-300x169-1.jpg\" alt=\"\" class=\"uag-image-14130\" width=\"391\" height=\"92\" title=\"respirnet-300x169\" loading=\"lazy\" role=\"img\" \/><\/figure><\/div>\n\n\n\n<div class=\"wp-block-uagb-info-box uagb-block-9271b190 uagb-infobox__content-wrap  uagb-infobox-icon-above-title uagb-infobox-image-valign-top wp-block-uagb-info-box--has-margin\"><div class=\"uagb-infobox-margin-wrapper\"><div class=\"uagb-ifb-content\"><div class=\"uagb-ifb-title-wrap\"><h3 class=\"uagb-ifb-title\">RESPIR.NET: simptomes respiratoris, asma i tabaquisme passiu en nens<\/h3><\/div><p class=\"uagb-ifb-desc\">L\u2019evid\u00e8ncia epidemiol\u00f2gica disponible indica que el tabaquisme involuntari o passiu (tamb\u00e9 conegut com a fum de segona ma o Fum Ambiental del Tabac, FAT) per part dels nens est\u00e0 relacionat, entre d\u2019altres efectes adversos per a la salut, amb les malalties respirat\u00f2ries, i en particular, l\u2019asma. Mentre que l\u2019exposici\u00f3 dels nens al fum del tabac es d\u00f3na principalment a la llar, els entorns en els que estan exposats s\u00f3n m\u00faltiples. Per tant, les intervencions a diversos nivells (nens, pares\/tutors, escoles) destinades a reduir el tabaquisme dels pares i d\u2019altres cuidadors, ja sigui canviant el lloc on es fuma, aix\u00ed com augmentant el coneixement sobre els efectes del tabaquisme passiu en els nens, pot reduir la seva exposici\u00f3 al fum del tabac i a les seves conseq\u00fc\u00e8ncies adverses en la salut repirat\u00f2ria.<\/p><\/div><\/div><\/div>\n\n\n<div class=\"wp-block-uagb-faq uagb-faq__outer-wrap uagb-block-07d58159 uagb-faq-icon-row-reverse uagb-faq-layout-accordion uagb-faq-expand-first-false uagb-faq-inactive-other-true uagb-faq__wrap uagb-buttons-layout-wrap uagb-faq-equal-height     \" data-faqtoggle=\"true\" role=\"tablist\"><div class=\"wp-block-uagb-faq-child uagb-faq-child__outer-wrap uagb-faq-item uagb-block-24e60ec9 \" role=\"tab\" tabindex=\"0\"><div class=\"uagb-faq-questions-button uagb-faq-questions\">\t\t\t<span class=\"uagb-icon uagb-faq-icon-wrap\">\n\t\t\t\t\t\t\t\t<svg xmlns=\"https:\/\/www.w3.org\/2000\/svg\" viewBox= \"0 0 448 512\"><path d=\"M432 256c0 17.69-14.33 32.01-32 32.01H256v144c0 17.69-14.33 31.99-32 31.99s-32-14.3-32-31.99v-144H48c-17.67 0-32-14.32-32-32.01s14.33-31.99 32-31.99H192v-144c0-17.69 14.33-32.01 32-32.01s32 14.32 32 32.01v144h144C417.7 224 432 238.3 432 256z\"><\/path><\/svg>\n\t\t\t\t\t\t\t<\/span>\n\t\t\t\t\t\t<span class=\"uagb-icon-active uagb-faq-icon-wrap\">\n\t\t\t\t\t\t\t<\/span>\n\t\t\t<span class=\"uagb-question\"><strong>Objectius<\/strong><\/span><\/div><div class=\"uagb-faq-content\"><p>Avaluar l\u2019efectivitat d\u2019una intervenci\u00f3 multinivell (individual, familiar i escolar) en la prevenci\u00f3 del tabaquisme passiu i el seu impacte sobre la salut respirat\u00f2ria en nens de 12-14 anys d\u2019edat.<br><\/p><\/div><\/div><div class=\"wp-block-uagb-faq-child uagb-faq-child__outer-wrap uagb-faq-item uagb-block-7502faf6 \" role=\"tab\" tabindex=\"0\"><div class=\"uagb-faq-questions-button uagb-faq-questions\">\t\t\t<span class=\"uagb-icon uagb-faq-icon-wrap\">\n\t\t\t\t\t\t\t\t<svg xmlns=\"https:\/\/www.w3.org\/2000\/svg\" viewBox= \"0 0 448 512\"><path d=\"M432 256c0 17.69-14.33 32.01-32 32.01H256v144c0 17.69-14.33 31.99-32 31.99s-32-14.3-32-31.99v-144H48c-17.67 0-32-14.32-32-32.01s14.33-31.99 32-31.99H192v-144c0-17.69 14.33-32.01 32-32.01s32 14.32 32 32.01v144h144C417.7 224 432 238.3 432 256z\"><\/path><\/svg>\n\t\t\t\t\t\t\t<\/span>\n\t\t\t\t\t\t<span class=\"uagb-icon-active uagb-faq-icon-wrap\">\n\t\t\t\t\t\t\t<\/span>\n\t\t\t<span class=\"uagb-question\"><strong>M\u00e8todes<\/strong><\/span><\/div><div class=\"uagb-faq-content\"><p><strong><em>Disseny:<\/em><\/strong>\u00a0Assaig controlat aleatoritzat. 25 escoles de secund\u00e0ria (de l\u2019\u00e0rea metropolitana de Barcelona) assignades aleat\u00f2riament a dos grups: intervenci\u00f3 completa o intervenci\u00f3 m\u00ednima.\u00a0<strong><em>Subjectes:<\/em><\/strong>\u00a03.700 escolars de 12-14 anys d\u2019edat en 1r i 2n d\u2019ESO (curs 2005-2006).\u00a0<strong><em>Procedimient:<\/em><\/strong>\u00a01) Disseny de la intervenci\u00f3 de m\u00faltiples nivells i un q\u00fcestionari per a l\u2019avaluaci\u00f3 del FAT; 2) Avaluci\u00f3 de la situaci\u00f3 de partida dels nens en relaci\u00f3 amb la salut respirat\u00f2ria i l\u2019exposici\u00f3 al FAT; 3) Implementaci\u00f3 de la intervenci\u00f3 i 4) avaluaci\u00f3 de l\u2019efic\u00e0cia de la intervenci\u00f3, avaluaci\u00f3 de la salut respirat\u00f2ria i l\u2019exposici\u00f3 al FAT dels nens vuit mesos despr\u00e9s de la intervenci\u00f3.\u00a0<strong>Principals mesures:<\/strong>\u00a01) S\u00edmptomes respiratoris: mitjan\u00e7ant el q\u00fcestionari ISAAC, validat i tradu\u00eft (catal\u00e0 i castell\u00e0); 2) exposici\u00f3 al FAT: mitjan\u00e7ant q\u00fcestionari, incloent-hi l\u2019exposici\u00f3 al FAT a la llar, en el temps lliure i en d\u2019altres entorns, i determinaci\u00f3 de la concentraci\u00f3 de nicotina al cabell com a biomarcador de l\u2019exposici\u00f3 al FAT a una mostra aleat\u00f2ria de 700 nens.\u00a0<em>\u00a0<strong>Intervenci\u00f3:<\/strong><\/em>\u00a0Disseny d\u2019un perfil d\u2019atenci\u00f3 esglaonada, amb un m\u00ednim contacte inicial a les escoles proporcionat per personal entrenat (activitat grupal) amb retroalimentaci\u00f3 i material adicional impr\u00e8s (activitat individual), i amb una major intensitat i durada en el seguimient (cartes als nens i als seus pares).<br><\/p><\/div><\/div><div class=\"wp-block-uagb-faq-child uagb-faq-child__outer-wrap uagb-faq-item uagb-block-565f9c20 \" role=\"tab\" tabindex=\"0\"><div class=\"uagb-faq-questions-button uagb-faq-questions\">\t\t\t<span class=\"uagb-icon uagb-faq-icon-wrap\">\n\t\t\t\t\t\t\t\t<svg xmlns=\"https:\/\/www.w3.org\/2000\/svg\" viewBox= \"0 0 448 512\"><path d=\"M432 256c0 17.69-14.33 32.01-32 32.01H256v144c0 17.69-14.33 31.99-32 31.99s-32-14.3-32-31.99v-144H48c-17.67 0-32-14.32-32-32.01s14.33-31.99 32-31.99H192v-144c0-17.69 14.33-32.01 32-32.01s32 14.32 32 32.01v144h144C417.7 224 432 238.3 432 256z\"><\/path><\/svg>\n\t\t\t\t\t\t\t<\/span>\n\t\t\t\t\t\t<span class=\"uagb-icon-active uagb-faq-icon-wrap\">\n\t\t\t\t\t\t\t<\/span>\n\t\t\t<span class=\"uagb-question\"><strong><strong>Paquets de treball<\/strong><\/strong><\/span><\/div><div class=\"uagb-faq-content\"><p>WP1. Coordinaci\u00f3, implementaci\u00f3 de la intervenci\u00f3, an\u00e0lisis i difusi\u00f3 de edades (ICO-IDIBELL, Coordinador: Esteve Fern\u00e1ndez).<br>WP2. Disseny de la intervenci\u00f3 i l\u2019evaluaci\u00f3 (ASPB, Coordinador: Manel Nebot).<br>WP3. Evaluaci\u00f3 de la nicotina (IMIM, Coordinador: Jos\u00e9 A. Pascual).<\/p><\/div><\/div><div class=\"wp-block-uagb-faq-child uagb-faq-child__outer-wrap uagb-faq-item uagb-block-076be222 \" role=\"tab\" tabindex=\"0\"><div class=\"uagb-faq-questions-button uagb-faq-questions\">\t\t\t<span class=\"uagb-icon uagb-faq-icon-wrap\">\n\t\t\t\t\t\t\t\t<svg xmlns=\"https:\/\/www.w3.org\/2000\/svg\" viewBox= \"0 0 448 512\"><path d=\"M432 256c0 17.69-14.33 32.01-32 32.01H256v144c0 17.69-14.33 31.99-32 31.99s-32-14.3-32-31.99v-144H48c-17.67 0-32-14.32-32-32.01s14.33-31.99 32-31.99H192v-144c0-17.69 14.33-32.01 32-32.01s32 14.32 32 32.01v144h144C417.7 224 432 238.3 432 256z\"><\/path><\/svg>\n\t\t\t\t\t\t\t<\/span>\n\t\t\t\t\t\t<span class=\"uagb-icon-active uagb-faq-icon-wrap\">\n\t\t\t\t\t\t\t<\/span>\n\t\t\t<span class=\"uagb-question\"><strong>Finan\u00e7ament<\/strong><\/span><\/div><div class=\"uagb-faq-content\"><p>Fundaci\u00f3 \u201cLa Marat\u00f3 de TV3\u201d, 283.790,00 \u20ac<\/p><\/div><\/div><div class=\"wp-block-uagb-faq-child uagb-faq-child__outer-wrap uagb-faq-item uagb-block-79fb3d4b \" role=\"tab\" tabindex=\"0\"><div class=\"uagb-faq-questions-button uagb-faq-questions\">\t\t\t<span class=\"uagb-icon uagb-faq-icon-wrap\">\n\t\t\t\t\t\t\t\t<svg xmlns=\"https:\/\/www.w3.org\/2000\/svg\" viewBox= \"0 0 448 512\"><path d=\"M432 256c0 17.69-14.33 32.01-32 32.01H256v144c0 17.69-14.33 31.99-32 31.99s-32-14.3-32-31.99v-144H48c-17.67 0-32-14.32-32-32.01s14.33-31.99 32-31.99H192v-144c0-17.69 14.33-32.01 32-32.01s32 14.32 32 32.01v144h144C417.7 224 432 238.3 432 256z\"><\/path><\/svg>\n\t\t\t\t\t\t\t<\/span>\n\t\t\t\t\t\t<span class=\"uagb-icon-active uagb-faq-icon-wrap\">\n\t\t\t\t\t\t\t<\/span>\n\t\t\t<span class=\"uagb-question\"><strong>Duraci\u00f3<\/strong><\/span><\/div><div class=\"uagb-faq-content\"><p>36\u00a0mesos: del 03\/2005 fins el 03\/2008<br><\/p><\/div><\/div><div class=\"wp-block-uagb-faq-child uagb-faq-child__outer-wrap uagb-faq-item uagb-block-43ba4076 \" role=\"tab\" tabindex=\"0\"><div class=\"uagb-faq-questions-button uagb-faq-questions\">\t\t\t<span class=\"uagb-icon uagb-faq-icon-wrap\">\n\t\t\t\t\t\t\t\t<svg xmlns=\"https:\/\/www.w3.org\/2000\/svg\" viewBox= \"0 0 448 512\"><path d=\"M432 256c0 17.69-14.33 32.01-32 32.01H256v144c0 17.69-14.33 31.99-32 31.99s-32-14.3-32-31.99v-144H48c-17.67 0-32-14.32-32-32.01s14.33-31.99 32-31.99H192v-144c0-17.69 14.33-32.01 32-32.01s32 14.32 32 32.01v144h144C417.7 224 432 238.3 432 256z\"><\/path><\/svg>\n\t\t\t\t\t\t\t<\/span>\n\t\t\t\t\t\t<span class=\"uagb-icon-active uagb-faq-icon-wrap\">\n\t\t\t\t\t\t\t<\/span>\n\t\t\t<span class=\"uagb-question\"><strong><strong>Investigador principal i centre coordinador<\/strong><\/strong><\/span><\/div><div class=\"uagb-faq-content\"><p><a href=\"https:\/\/icoprevencio.cat\/uct\/?member=esteve-fernandez\">Dr. Esteve Fern\u00e1ndez<\/a>, Unitat de Control del Tabac-Institut Catal\u00e0 d\u2019Oncologia<\/p><\/div><\/div><div class=\"wp-block-uagb-faq-child uagb-faq-child__outer-wrap uagb-faq-item uagb-block-5f7306f3 \" role=\"tab\" tabindex=\"0\"><div class=\"uagb-faq-questions-button uagb-faq-questions\">\t\t\t<span class=\"uagb-icon uagb-faq-icon-wrap\">\n\t\t\t\t\t\t\t\t<svg xmlns=\"https:\/\/www.w3.org\/2000\/svg\" viewBox= \"0 0 448 512\"><path d=\"M432 256c0 17.69-14.33 32.01-32 32.01H256v144c0 17.69-14.33 31.99-32 31.99s-32-14.3-32-31.99v-144H48c-17.67 0-32-14.32-32-32.01s14.33-31.99 32-31.99H192v-144c0-17.69 14.33-32.01 32-32.01s32 14.32 32 32.01v144h144C417.7 224 432 238.3 432 256z\"><\/path><\/svg>\n\t\t\t\t\t\t\t<\/span>\n\t\t\t\t\t\t<span class=\"uagb-icon-active uagb-faq-icon-wrap\">\n\t\t\t\t\t\t\t<\/span>\n\t\t\t<span class=\"uagb-question\"><strong><strong>Publicacions<\/strong><\/strong><\/span><\/div><div class=\"uagb-faq-content\"><p>Ariza C, Schiaffino A, Pascual JA, Twose J, Nebot M, Fern\u00e1ndez E.\u00a0<a href=\"http:\/\/www.ncbi.nlm.nih.gov\/pubmed\/19520402\" target=\"_blank\" rel=\"noreferrer noopener\">Exposici\u00f3n al humo de tabaco y concentraci\u00f3n de cotinina en saliva en una muestra de escolares de Barcelona.<\/a>\u00a0Medicina Cl\u00ednica (Barc). 2009 133:622-5.<br>Mart\u00edn-Pujol A, Fern\u00e1ndez E, Schiaffino A, Moncada A, Ariza C, Blanch C, Mart\u00ednez-S\u00e1nchez JM; RESPIR.NET research group.\u00a0<a href=\"http:\/\/www.ncbi.nlm.nih.gov\/pubmed\/23581609\" target=\"_blank\" rel=\"noreferrer noopener\">Tobacco smoking, exposure to second-hand smoke, and asthma and wheezing in schoolchildren: a cross-sectional study<\/a>. Acta Paediatrica. 2013;102:e305-9.<br>Blanch C, Fern\u00e1ndez E, Mart\u00ednez-S\u00e1nchez JM, Ariza C, L\u00f3pez MJ, Moncada A, Schiaffino A, Rajmil L, Salt\u00f3 E, Pascual JA, Nebot M; RESPIR.NET research group.\u00a0<a href=\"http:\/\/www.ncbi.nlm.nih.gov\/pubmed\/23933268\" target=\"_blank\" rel=\"noreferrer noopener\">Impact of a multi-level intervention to prevent secondhand smoke exposure in schoolchildren: a randomized cluster community trial.<\/a>\u00a0Preventive Medicine. 2013;57:585-90.<br>Respir.net Group.<a href=\"https:\/\/statics.ccma.cat\/recursos\/marato\/simposiums\/marato2003\/cat\/Dr_Fernandez.pdf\">\u00a0S\u00edmptomes respiratoris, asma i tabaquisme passiu en escolars: efectivitat d\u2019una intervenci\u00f3 individual, familiar i escolar.<\/a>\u00a0Barcelona: Fundaci\u00f3 La Marat\u00f3; 2003.<\/p><\/div><\/div><\/div>\n\n\n<div style=\"height:131px\" aria-hidden=\"true\" class=\"wp-block-spacer\"><\/div>\n","protected":false},"excerpt":{"rendered":"","protected":false},"author":28,"featured_media":0,"parent":0,"menu_order":0,"comment_status":"closed","ping_status":"closed","template":"","meta":{"_uag_custom_page_level_css":"","site-sidebar-layout":"default","site-content-layout":"","ast-site-content-layout":"default","site-content-style":"default","site-sidebar-style":"default","ast-global-header-display":"","ast-banner-title-visibility":"","ast-main-header-display":"","ast-hfb-above-header-display":"","ast-hfb-below-header-display":"","ast-hfb-mobile-header-display":"","site-post-title":"disabled","ast-breadcrumbs-content":"","ast-featured-img":"","footer-sml-layout":"","ast-disable-related-posts":"","theme-transparent-header-meta":"","adv-header-id-meta":"","stick-header-meta":"","header-above-stick-meta":"","header-main-stick-meta":"","header-below-stick-meta":"","astra-migrate-meta-layouts":"set","ast-page-background-enabled":"default","ast-page-background-meta":{"desktop":{"background-color":"var(--ast-global-color-4)","background-image":"","background-repeat":"repeat","background-position":"center center","background-size":"auto","background-attachment":"scroll","background-type":"","background-media":"","overlay-type":"","overlay-color":"","overlay-opacity":"","overlay-gradient":""},"tablet":{"background-color":"","background-image":"","background-repeat":"repeat","background-position":"center center","background-size":"auto","background-attachment":"scroll","background-type":"","background-media":"","overlay-type":"","overlay-color":"","overlay-opacity":"","overlay-gradient":""},"mobile":{"background-color":"","background-image":"","background-repeat":"repeat","background-position":"center center","background-size":"auto","background-attachment":"scroll","background-type":"","background-media":"","overlay-type":"","overlay-color":"","overlay-opacity":"","overlay-gradient":""}},"ast-content-background-meta":{"desktop":{"background-color":"var(--ast-global-color-5)","background-image":"","background-repeat":"repeat","background-position":"center center","background-size":"auto","background-attachment":"scroll","background-type":"","background-media":"","overlay-type":"","overlay-color":"","overlay-opacity":"","overlay-gradient":""},"tablet":{"background-color":"var(--ast-global-color-5)","background-image":"","background-repeat":"repeat","background-position":"center center","background-size":"auto","background-attachment":"scroll","background-type":"","background-media":"","overlay-type":"","overlay-color":"","overlay-opacity":"","overlay-gradient":""},"mobile":{"background-color":"var(--ast-global-color-5)","background-image":"","background-repeat":"repeat","background-position":"center center","background-size":"auto","background-attachment":"scroll","background-type":"","background-media":"","overlay-type":"","overlay-color":"","overlay-opacity":"","overlay-gradient":""}},"_vp_format_video_url":"","_vp_image_focal_point":[],"footnotes":""},"class_list":["post-14129","page","type-page","status-publish","hentry"],"uagb_featured_image_src":{"full":false,"thumbnail":false,"medium":false,"medium_large":false,"large":false,"1536x1536":false,"2048x2048":false,"vp_sm":false,"vp_md":false,"vp_lg":false,"vp_xl":false,"vp_sm_popup":false,"vp_md_popup":false,"vp_xl_popup":false},"uagb_author_info":{"display_name":"clara","author_link":"https:\/\/icoprevencio.cat\/uct\/author\/clara\/"},"uagb_comment_info":0,"uagb_excerpt":null,"_links":{"self":[{"href":"https:\/\/icoprevencio.cat\/uct\/wp-json\/wp\/v2\/pages\/14129","targetHints":{"allow":["GET"]}}],"collection":[{"href":"https:\/\/icoprevencio.cat\/uct\/wp-json\/wp\/v2\/pages"}],"about":[{"href":"https:\/\/icoprevencio.cat\/uct\/wp-json\/wp\/v2\/types\/page"}],"author":[{"embeddable":true,"href":"https:\/\/icoprevencio.cat\/uct\/wp-json\/wp\/v2\/users\/28"}],"replies":[{"embeddable":true,"href":"https:\/\/icoprevencio.cat\/uct\/wp-json\/wp\/v2\/comments?post=14129"}],"version-history":[{"count":2,"href":"https:\/\/icoprevencio.cat\/uct\/wp-json\/wp\/v2\/pages\/14129\/revisions"}],"predecessor-version":[{"id":14157,"href":"https:\/\/icoprevencio.cat\/uct\/wp-json\/wp\/v2\/pages\/14129\/revisions\/14157"}],"wp:attachment":[{"href":"https:\/\/icoprevencio.cat\/uct\/wp-json\/wp\/v2\/media?parent=14129"}],"curies":[{"name":"wp","href":"https:\/\/api.w.org\/{rel}","templated":true}]}}