{"id":15713,"date":"2026-04-13T10:59:45","date_gmt":"2026-04-13T09:59:45","guid":{"rendered":"https:\/\/icoprevencio.cat\/uct\/?page_id=15713"},"modified":"2026-04-13T10:59:46","modified_gmt":"2026-04-13T09:59:46","slug":"ja-safe","status":"publish","type":"page","link":"https:\/\/icoprevencio.cat\/uct\/ja-safe\/","title":{"rendered":"JA SAFE"},"content":{"rendered":"\n<div class=\"wp-block-uagb-container uagb-block-709c37ea alignfull uagb-is-root-container\"><div class=\"uagb-container-inner-blocks-wrap\">\n<div class=\"wp-block-uagb-info-box uagb-block-353171f0 uagb-infobox__content-wrap  uagb-infobox-icon-above-title uagb-infobox-image-valign-top wp-block-uagb-info-box--has-margin\"><div class=\"uagb-infobox-margin-wrapper\"><div class=\"uagb-ifb-content\"><div class=\"uagb-ifb-title-wrap\"><h2 class=\"uagb-ifb-title\"><strong>Projectes en curs<\/strong><\/h2><\/div><\/div><\/div><\/div>\n<\/div><\/div>\n\n\n\n<div style=\"height:60px\" aria-hidden=\"true\" class=\"wp-block-spacer\"><\/div>\n\n\n\n<div class=\"wp-block-uagb-image uagb-block-71d5725e wp-block-uagb-image--layout-default wp-block-uagb-image--effect-static wp-block-uagb-image--align-none\"><figure class=\"wp-block-uagb-image__figure\"><img decoding=\"async\" src=\"https:\/\/icoprevencio.cat\/uct\/wp-content\/uploads\/sites\/10\/2026\/04\/logo.png\" alt=\"\" class=\"uag-image-15710\" width=\"443\" height=\"176\" title=\"logo\" loading=\"lazy\" role=\"img\" \/><\/figure><\/div>\n\n\n\n<div class=\"wp-block-uagb-info-box uagb-block-9271b190 uagb-infobox__content-wrap  uagb-infobox-icon-above-title uagb-infobox-image-valign-top wp-block-uagb-info-box--has-margin\"><div class=\"uagb-infobox-margin-wrapper\"><div class=\"uagb-ifb-content\"><div class=\"uagb-ifb-title-wrap\"><h3 class=\"uagb-ifb-title\">Acci\u00f3 conjunta en mat\u00e8ria de promoci\u00f3 de la salut i prevenci\u00f3 de malalties, incloent-hi entorns lliures de fum i d\u2019aerosols<\/h3><\/div><p class=\"uagb-ifb-desc\">El consum de tabac continua sent la principal causa de mort prevenible a la Uni\u00f3 Europea, i el consum d\u2019alcohol \u00e9s el principal factor de risc dels anys de vida ajustats per discapacitat a escala mundial en el grup d\u2019edat de 25 a 49 anys. Tant el tabac com el consum d\u2019alcohol s\u00f3n factors clau en el desenvolupament del c\u00e0ncer, les malalties cardiovasculars i altres malalties no transmissibles importants. En conjunt, els seus efectes nocius s\u00f3n sin\u00e8rgics i tenen un impacte encara m\u00e9s gran en la salut de la poblaci\u00f3, els sistemes sanitaris i l\u2019equitat social a tot Europa.  <br><br>P\u00e0gina web oficial: <a href=\"https:\/\/www.jasafe.org\/\" target=\"_blank\" rel=\"noreferrer noopener\">jasafe.org<\/a><\/p><\/div><\/div><\/div>\n\n\n<div class=\"wp-block-uagb-faq uagb-faq__outer-wrap uagb-block-07d58159 uagb-faq-icon-row-reverse uagb-faq-layout-accordion uagb-faq-expand-first-false uagb-faq-inactive-other-true uagb-faq__wrap uagb-buttons-layout-wrap uagb-faq-equal-height     \" data-faqtoggle=\"true\" role=\"tablist\"><div class=\"wp-block-uagb-faq-child uagb-faq-child__outer-wrap uagb-faq-item uagb-block-24e60ec9 \" role=\"tab\" tabindex=\"0\"><div class=\"uagb-faq-questions-button uagb-faq-questions\">\t\t\t<span class=\"uagb-icon uagb-faq-icon-wrap\">\n\t\t\t\t\t\t\t\t<svg xmlns=\"https:\/\/www.w3.org\/2000\/svg\" viewBox= \"0 0 448 512\"><path d=\"M432 256c0 17.69-14.33 32.01-32 32.01H256v144c0 17.69-14.33 31.99-32 31.99s-32-14.3-32-31.99v-144H48c-17.67 0-32-14.32-32-32.01s14.33-31.99 32-31.99H192v-144c0-17.69 14.33-32.01 32-32.01s32 14.32 32 32.01v144h144C417.7 224 432 238.3 432 256z\"><\/path><\/svg>\n\t\t\t\t\t\t\t<\/span>\n\t\t\t\t\t\t<span class=\"uagb-icon-active uagb-faq-icon-wrap\">\n\t\t\t\t\t\t\t<\/span>\n\t\t\t<span class=\"uagb-question\"><strong>Objectius<\/strong><\/span><\/div><div class=\"uagb-faq-content\"><p>L\u2019objectiu de la JA-SAFE \u2013 l\u2019Acci\u00f3 Conjunta sobre Promoci\u00f3 de la Salut i Prevenci\u00f3 de Malalties, incloent-hi entorns lliures de fum i d\u2019aerosols \u2013 \u00e9s reduir la c\u00e0rrega de les malalties no transmissibles (MNT), incloent-hi el c\u00e0ncer, i els seus factors de risc, tant a nivell individual com poblacional.<br><br>JA-SAFE t\u00e9 com a objectiu reduir de manera significativa el consum de tabac i l\u2019exposici\u00f3 al fum ambiental a Europa, contribuint a l\u2019objectiu de la UE d\u2019aconseguir una generaci\u00f3 lliure de tabac.<br><br>Els objectius de JA-SAFE tradueixen les prioritats europees de salut p\u00fablica en accions coordinades i pr\u00e0ctiques entre pa\u00efsos i sectors. Basant-se en l\u2019evid\u00e8ncia que el consum de tabac, l\u2019exposici\u00f3 al fum i als aerosols, i el consum d\u2019alcohol continuen sent factors principals de malalties no transmissibles prevenibles, l\u2019Acci\u00f3 Conjunta se centra en la implementaci\u00f3 de pol\u00edtiques, l\u2019enfortiment dels sistemes i la creaci\u00f3 de capacitats, m\u00e9s que no pas en intervencions a\u00efllades.<br><br><strong>Objectius<\/strong> <strong>espec\u00edfics<\/strong>:<br><br><strong>Prevenir el consum de tabac i l\u2019exposici\u00f3 al fum:<\/strong> donar suport a la implementaci\u00f3 i el compliment d\u2019entorns lliures de fum i d\u2019aerosols, inclosos els entorns sanitaris i els espais p\u00fablics.<br><br><strong>Prevenir els danys relacionats amb l\u2019alcohol:<\/strong> refor\u00e7ar els enfocaments de prevenci\u00f3 de l\u2019alcohol com a component clau de les estrat\u00e8gies de prevenci\u00f3 del c\u00e0ncer i de les MNT.<br><br><strong>Donar suport a la cessaci\u00f3 del consum de tabac i nicotina:<\/strong> promoure guies de cessaci\u00f3 basades en l\u2019evid\u00e8ncia i millorar l\u2019acc\u00e9s a suports efectius, especialment dins dels sistemes sanitaris.<br><br><strong>Avan\u00e7ar cap a una generaci\u00f3 lliure de tabac:<\/strong> contribuir a l\u2019objectiu de la UE reduint buits normatius, abordant els nous productes de tabac i nicotina i protegint els joves de l\u2019addicci\u00f3.<br><br><strong>Refor\u00e7ar la capacitat de promoci\u00f3 de la salut i prevenci\u00f3:<\/strong> millorar la cooperaci\u00f3, l\u2019intercanvi de coneixement i la capacitat d\u2019implementaci\u00f3 entre estats membres, regions i institucions, aix\u00ed com entre sectors i \u00e0mbits de recerca.<br><\/p><\/div><\/div><div class=\"wp-block-uagb-faq-child uagb-faq-child__outer-wrap uagb-faq-item uagb-block-265ce632 \" role=\"tab\" tabindex=\"0\"><div class=\"uagb-faq-questions-button uagb-faq-questions\">\t\t\t<span class=\"uagb-icon uagb-faq-icon-wrap\">\n\t\t\t\t\t\t\t\t<svg xmlns=\"https:\/\/www.w3.org\/2000\/svg\" viewBox= \"0 0 448 512\"><path d=\"M432 256c0 17.69-14.33 32.01-32 32.01H256v144c0 17.69-14.33 31.99-32 31.99s-32-14.3-32-31.99v-144H48c-17.67 0-32-14.32-32-32.01s14.33-31.99 32-31.99H192v-144c0-17.69 14.33-32.01 32-32.01s32 14.32 32 32.01v144h144C417.7 224 432 238.3 432 256z\"><\/path><\/svg>\n\t\t\t\t\t\t\t<\/span>\n\t\t\t\t\t\t<span class=\"uagb-icon-active uagb-faq-icon-wrap\">\n\t\t\t\t\t\t\t<\/span>\n\t\t\t<span class=\"uagb-question\"><strong>M\u00e8todes:<\/strong><\/span><\/div><div class=\"uagb-faq-content\"><p>Mitjan\u00e7ant l\u2019acci\u00f3 coordinada, l\u2019evid\u00e8ncia compartida i la recerca d\u2019implementaci\u00f3 i guies pr\u00e0ctiques, JA-SAFE dona suport als estats membres en la traducci\u00f3 de mesures preventives provades en impacte real, contribuint a l\u2019ambici\u00f3 de la UE d\u2019una generaci\u00f3 lliure de tabac i d\u2019una reducci\u00f3 dels danys relacionats amb l\u2019alcohol, aix\u00ed com a sistemes de promoci\u00f3 de la salut m\u00e9s s\u00f2lids.<br><br>JA-SAFE reuneix autoritats p\u00fabliques, instituts de recerca i organitzacions de salut de tot Europa per prevenir i reduir el consum de tabac, l\u2019exposici\u00f3 al fum ambiental i als aerosols, i els danys relacionats amb l\u2019alcohol tant a nivell poblacional com individual.<br><br>El projecte inclou nou paquets de treball en cinc \u00e0rees tem\u00e0tiques: entorns lliures de fum, prevenci\u00f3 de l\u2019alcohol, cessaci\u00f3, passos cap a una generaci\u00f3 lliure de tabac i suport a la promoci\u00f3 de la salut i la prevenci\u00f3 de malalties a Europa.<br><br><strong>\u00c0rees de treball:<\/strong><br><br>1. <strong>Entorns lliures de fum<\/strong>: Promoci\u00f3 d\u2019una Europa lliure de fum i aerosols (SAFE)<br>2. <strong>Prevenci\u00f3 de l\u2019alcohol<\/strong>: prevenci\u00f3 dels danys relacionats amb l\u2019alcohol a Europa<br>3. <strong>Cessaci\u00f3<\/strong>: ampliaci\u00f3 de les intervencions per al control del tabac i entorns SAFE en l\u2019\u00e0mbit sanitari<br>4. <strong>Generaci\u00f3 lliure de tabac<\/strong>: accelerar el cam\u00ed cap a una generaci\u00f3 lliure de tabac a Europa<br>5. <strong>Promoci\u00f3 de la salut i prevenci\u00f3 de malalties<\/strong>: refor\u00e7 de la promoci\u00f3 de la salut i la prevenci\u00f3 a Europa<br><\/p><\/div><\/div><div class=\"wp-block-uagb-faq-child uagb-faq-child__outer-wrap uagb-faq-item uagb-block-076be222 \" role=\"tab\" tabindex=\"0\"><div class=\"uagb-faq-questions-button uagb-faq-questions\">\t\t\t<span class=\"uagb-icon uagb-faq-icon-wrap\">\n\t\t\t\t\t\t\t\t<svg xmlns=\"https:\/\/www.w3.org\/2000\/svg\" viewBox= \"0 0 448 512\"><path d=\"M432 256c0 17.69-14.33 32.01-32 32.01H256v144c0 17.69-14.33 31.99-32 31.99s-32-14.3-32-31.99v-144H48c-17.67 0-32-14.32-32-32.01s14.33-31.99 32-31.99H192v-144c0-17.69 14.33-32.01 32-32.01s32 14.32 32 32.01v144h144C417.7 224 432 238.3 432 256z\"><\/path><\/svg>\n\t\t\t\t\t\t\t<\/span>\n\t\t\t\t\t\t<span class=\"uagb-icon-active uagb-faq-icon-wrap\">\n\t\t\t\t\t\t\t<\/span>\n\t\t\t<span class=\"uagb-question\"><strong>Duraci\u00f3<\/strong><\/span><\/div><div class=\"uagb-faq-content\"><p>2025\u20132029<\/p><\/div><\/div><div class=\"wp-block-uagb-faq-child uagb-faq-child__outer-wrap uagb-faq-item uagb-block-f17a63bd \" role=\"tab\" tabindex=\"0\"><div class=\"uagb-faq-questions-button uagb-faq-questions\">\t\t\t<span class=\"uagb-icon uagb-faq-icon-wrap\">\n\t\t\t\t\t\t\t\t<svg xmlns=\"https:\/\/www.w3.org\/2000\/svg\" viewBox= \"0 0 448 512\"><path d=\"M432 256c0 17.69-14.33 32.01-32 32.01H256v144c0 17.69-14.33 31.99-32 31.99s-32-14.3-32-31.99v-144H48c-17.67 0-32-14.32-32-32.01s14.33-31.99 32-31.99H192v-144c0-17.69 14.33-32.01 32-32.01s32 14.32 32 32.01v144h144C417.7 224 432 238.3 432 256z\"><\/path><\/svg>\n\t\t\t\t\t\t\t<\/span>\n\t\t\t\t\t\t<span class=\"uagb-icon-active uagb-faq-icon-wrap\">\n\t\t\t\t\t\t\t<\/span>\n\t\t\t<span class=\"uagb-question\"><strong>Finan\u00e7ament<\/strong><\/span><\/div><div class=\"uagb-faq-content\"><p><\/p><\/div><\/div><div class=\"wp-block-uagb-faq-child uagb-faq-child__outer-wrap uagb-faq-item uagb-block-8b0e255c \" role=\"tab\" tabindex=\"0\"><div class=\"uagb-faq-questions-button uagb-faq-questions\">\t\t\t<span class=\"uagb-icon uagb-faq-icon-wrap\">\n\t\t\t\t\t\t\t\t<svg xmlns=\"https:\/\/www.w3.org\/2000\/svg\" viewBox= \"0 0 448 512\"><path d=\"M432 256c0 17.69-14.33 32.01-32 32.01H256v144c0 17.69-14.33 31.99-32 31.99s-32-14.3-32-31.99v-144H48c-17.67 0-32-14.32-32-32.01s14.33-31.99 32-31.99H192v-144c0-17.69 14.33-32.01 32-32.01s32 14.32 32 32.01v144h144C417.7 224 432 238.3 432 256z\"><\/path><\/svg>\n\t\t\t\t\t\t\t<\/span>\n\t\t\t\t\t\t<span class=\"uagb-icon-active uagb-faq-icon-wrap\">\n\t\t\t\t\t\t\t<\/span>\n\t\t\t<span class=\"uagb-question\"><strong>Coordinaci\u00f3<\/strong><\/span><\/div><div class=\"uagb-faq-content\"><p>La Universitat Nacional i Kapodistr\u00edaca d\u2019Atenes (UOA) lidera la coordinaci\u00f3 del projecte JA-SAFE sota el Paquet de Treball 1, assegurant una governan\u00e7a efectiva i una implementaci\u00f3 coherent. La coordinaci\u00f3 general la realitza el coordinador del projecte, Constantine Vardavas, amb el suport de la secretaria del projecte.<br><\/p><\/div><\/div><div class=\"wp-block-uagb-faq-child uagb-faq-child__outer-wrap uagb-faq-item uagb-block-d536b914 \" role=\"tab\" tabindex=\"0\"><div class=\"uagb-faq-questions-button uagb-faq-questions\">\t\t\t<span class=\"uagb-icon uagb-faq-icon-wrap\">\n\t\t\t\t\t\t\t\t<svg xmlns=\"https:\/\/www.w3.org\/2000\/svg\" viewBox= \"0 0 448 512\"><path d=\"M432 256c0 17.69-14.33 32.01-32 32.01H256v144c0 17.69-14.33 31.99-32 31.99s-32-14.3-32-31.99v-144H48c-17.67 0-32-14.32-32-32.01s14.33-31.99 32-31.99H192v-144c0-17.69 14.33-32.01 32-32.01s32 14.32 32 32.01v144h144C417.7 224 432 238.3 432 256z\"><\/path><\/svg>\n\t\t\t\t\t\t\t<\/span>\n\t\t\t\t\t\t<span class=\"uagb-icon-active uagb-faq-icon-wrap\">\n\t\t\t\t\t\t\t<\/span>\n\t\t\t<span class=\"uagb-question\"><strong><strong>Socis del projecte i investigadors principals<\/strong><\/strong><\/span><\/div><div class=\"uagb-faq-content\"><p>El projecte reuneix 60 institucions s\u00f2cies de 23 pa\u00efsos europeus.<\/p><\/div><\/div><div class=\"wp-block-uagb-faq-child uagb-faq-child__outer-wrap uagb-faq-item uagb-block-43ba4076 \" role=\"tab\" tabindex=\"0\"><div class=\"uagb-faq-questions-button uagb-faq-questions\">\t\t\t<span class=\"uagb-icon uagb-faq-icon-wrap\">\n\t\t\t\t\t\t\t\t<svg xmlns=\"https:\/\/www.w3.org\/2000\/svg\" viewBox= \"0 0 448 512\"><path d=\"M432 256c0 17.69-14.33 32.01-32 32.01H256v144c0 17.69-14.33 31.99-32 31.99s-32-14.3-32-31.99v-144H48c-17.67 0-32-14.32-32-32.01s14.33-31.99 32-31.99H192v-144c0-17.69 14.33-32.01 32-32.01s32 14.32 32 32.01v144h144C417.7 224 432 238.3 432 256z\"><\/path><\/svg>\n\t\t\t\t\t\t\t<\/span>\n\t\t\t\t\t\t<span class=\"uagb-icon-active uagb-faq-icon-wrap\">\n\t\t\t\t\t\t\t<\/span>\n\t\t\t<span class=\"uagb-question\"><strong>Equip d\u2019Investigaci\u00f3 UCT<\/strong><\/span><\/div><div class=\"uagb-faq-content\"><p>Dra. Cristina Mart\u00ednez (IP: WP5)<br>Dra. Marcela Fu<br>Dr. Armando Peruga<br>Dra. Montse Ballbe<br>Dra. Dolors Carnicer-Pont<br>Dra. Laura Ant\u00f3n<br>Dra. Olena Tigova<br>Judith Saura<br>Clara F\u00e1bregas<br>Laura Perdiguero (project manager)<br>Dra. Anna Tokar (project manager)<br><\/p><\/div><\/div><div class=\"wp-block-uagb-faq-child uagb-faq-child__outer-wrap uagb-faq-item uagb-block-faa63e9c \" role=\"tab\" tabindex=\"0\"><div class=\"uagb-faq-questions-button uagb-faq-questions\">\t\t\t<span class=\"uagb-icon uagb-faq-icon-wrap\">\n\t\t\t\t\t\t\t\t<svg xmlns=\"https:\/\/www.w3.org\/2000\/svg\" viewBox= \"0 0 448 512\"><path d=\"M432 256c0 17.69-14.33 32.01-32 32.01H256v144c0 17.69-14.33 31.99-32 31.99s-32-14.3-32-31.99v-144H48c-17.67 0-32-14.32-32-32.01s14.33-31.99 32-31.99H192v-144c0-17.69 14.33-32.01 32-32.01s32 14.32 32 32.01v144h144C417.7 224 432 238.3 432 256z\"><\/path><\/svg>\n\t\t\t\t\t\t\t<\/span>\n\t\t\t\t\t\t<span class=\"uagb-icon-active uagb-faq-icon-wrap\">\n\t\t\t\t\t\t\t<\/span>\n\t\t\t<span class=\"uagb-question\"><strong>Resultats rellevants<\/strong><\/span><\/div><div class=\"uagb-faq-content\"><p>Cap disponible<\/p><\/div><\/div><\/div>\n\n\n<div style=\"height:131px\" aria-hidden=\"true\" class=\"wp-block-spacer\"><\/div>\n\n\n\n<p><\/p>\n","protected":false},"excerpt":{"rendered":"","protected":false},"author":28,"featured_media":0,"parent":0,"menu_order":0,"comment_status":"closed","ping_status":"closed","template":"","meta":{"_uag_custom_page_level_css":"","site-sidebar-layout":"default","site-content-layout":"","ast-site-content-layout":"default","site-content-style":"default","site-sidebar-style":"default","ast-global-header-display":"","ast-banner-title-visibility":"","ast-main-header-display":"","ast-hfb-above-header-display":"","ast-hfb-below-header-display":"","ast-hfb-mobile-header-display":"","site-post-title":"disabled","ast-breadcrumbs-content":"","ast-featured-img":"","footer-sml-layout":"","ast-disable-related-posts":"","theme-transparent-header-meta":"","adv-header-id-meta":"","stick-header-meta":"","header-above-stick-meta":"","header-main-stick-meta":"","header-below-stick-meta":"","astra-migrate-meta-layouts":"set","ast-page-background-enabled":"default","ast-page-background-meta":{"desktop":{"background-color":"var(--ast-global-color-4)","background-image":"","background-repeat":"repeat","background-position":"center center","background-size":"auto","background-attachment":"scroll","background-type":"","background-media":"","overlay-type":"","overlay-color":"","overlay-opacity":"","overlay-gradient":""},"tablet":{"background-color":"","background-image":"","background-repeat":"repeat","background-position":"center center","background-size":"auto","background-attachment":"scroll","background-type":"","background-media":"","overlay-type":"","overlay-color":"","overlay-opacity":"","overlay-gradient":""},"mobile":{"background-color":"","background-image":"","background-repeat":"repeat","background-position":"center center","background-size":"auto","background-attachment":"scroll","background-type":"","background-media":"","overlay-type":"","overlay-color":"","overlay-opacity":"","overlay-gradient":""}},"ast-content-background-meta":{"desktop":{"background-color":"var(--ast-global-color-5)","background-image":"","background-repeat":"repeat","background-position":"center center","background-size":"auto","background-attachment":"scroll","background-type":"","background-media":"","overlay-type":"","overlay-color":"","overlay-opacity":"","overlay-gradient":""},"tablet":{"background-color":"var(--ast-global-color-5)","background-image":"","background-repeat":"repeat","background-position":"center center","background-size":"auto","background-attachment":"scroll","background-type":"","background-media":"","overlay-type":"","overlay-color":"","overlay-opacity":"","overlay-gradient":""},"mobile":{"background-color":"var(--ast-global-color-5)","background-image":"","background-repeat":"repeat","background-position":"center center","background-size":"auto","background-attachment":"scroll","background-type":"","background-media":"","overlay-type":"","overlay-color":"","overlay-opacity":"","overlay-gradient":""}},"_vp_format_video_url":"","_vp_image_focal_point":[],"footnotes":""},"class_list":["post-15713","page","type-page","status-publish","hentry"],"uagb_featured_image_src":{"full":false,"thumbnail":false,"medium":false,"medium_large":false,"large":false,"1536x1536":false,"2048x2048":false,"vp_sm":false,"vp_md":false,"vp_lg":false,"vp_xl":false,"vp_sm_popup":false,"vp_md_popup":false,"vp_xl_popup":false},"uagb_author_info":{"display_name":"clara","author_link":"https:\/\/icoprevencio.cat\/uct\/author\/clara\/"},"uagb_comment_info":0,"uagb_excerpt":null,"_links":{"self":[{"href":"https:\/\/icoprevencio.cat\/uct\/wp-json\/wp\/v2\/pages\/15713","targetHints":{"allow":["GET"]}}],"collection":[{"href":"https:\/\/icoprevencio.cat\/uct\/wp-json\/wp\/v2\/pages"}],"about":[{"href":"https:\/\/icoprevencio.cat\/uct\/wp-json\/wp\/v2\/types\/page"}],"author":[{"embeddable":true,"href":"https:\/\/icoprevencio.cat\/uct\/wp-json\/wp\/v2\/users\/28"}],"replies":[{"embeddable":true,"href":"https:\/\/icoprevencio.cat\/uct\/wp-json\/wp\/v2\/comments?post=15713"}],"version-history":[{"count":1,"href":"https:\/\/icoprevencio.cat\/uct\/wp-json\/wp\/v2\/pages\/15713\/revisions"}],"predecessor-version":[{"id":15715,"href":"https:\/\/icoprevencio.cat\/uct\/wp-json\/wp\/v2\/pages\/15713\/revisions\/15715"}],"wp:attachment":[{"href":"https:\/\/icoprevencio.cat\/uct\/wp-json\/wp\/v2\/media?parent=15713"}],"curies":[{"name":"wp","href":"https:\/\/api.w.org\/{rel}","templated":true}]}}