{"id":7591,"date":"2021-08-10T09:58:47","date_gmt":"2021-08-10T08:58:47","guid":{"rendered":"https:\/\/icoprevencio.cat\/uct\/?page_id=7591\/"},"modified":"2025-05-29T14:39:40","modified_gmt":"2025-05-29T13:39:40","slug":"institucions-col%c2%b7laboradores","status":"publish","type":"page","link":"https:\/\/icoprevencio.cat\/uct\/institucions-col%c2%b7laboradores\/","title":{"rendered":"INSTITUCIONS AMB LES QUE COL\u00b7LABOREM"},"content":{"rendered":"\n<p>El Grup mant\u00e9 relacions estables de recerca i formaci\u00f3 amb diversos grups nacionals i internacionals de recerca en control del tabaquisme&nbsp;<\/p>\n\n\n\n<ul class=\"wp-block-list\">\n<li><strong>Ag\u00e8ncia de Salut P\u00fablica de Barcelona<\/strong> (ASPB), Grup de Recerca de la Dra. L\u00f3pez-Medina (aspectes d&#8217;avaluaci\u00f3, epidemiol\u00f2gics i laboratori d\u2019an\u00e0lisi qu\u00edmica). Projectes de recerca nacionals i europeus.\u00a0<\/li>\n\n\n\n<li><strong>Institut d\u2019Investigaci\u00f3-Parc de Salut Mar<\/strong> (IMIM), Grup de recerca del Dr. Pascual (an\u00e0lisi de cotinina i nicotina en matrius biol\u00f2giques). Projectes de recerca nacionals i internacionals.\u00a0<\/li>\n\n\n\n<li><strong>Departament d\u2019epidemiologia de l\u2019Istituto Mario Negri de Mil\u00e0<\/strong> (Dr. Gallus). Projectes de recerca europeus i estades de recerca de dos membres del nostre Grup.\u00a0<\/li>\n\n\n\n<li><strong>Center for Tobacco Control Research &amp; Education de la University of California San Francisco<\/strong> (Prof. Ling). Estades de recerca i formatives a UCSF per part d\u2019un membres del nostre Grup i projectes de recerca. La Dra. Mart\u00ednez \u00e9s Adjunct Assistant Professor a UCSF.\u00a0<\/li>\n\n\n\n<li><strong>TobaccoFree Research Institute Ireland de Dubl\u00edn<\/strong> (Prof. Clancy). Projectes de recerca internacionals.\u00a0<\/li>\n\n\n\n<li><strong>International Agency for Research on Cancer de l\u2019Organitzaci\u00f3 Mundial de la Salut<\/strong>. Projectes de recerca internacionals.\u00a0<\/li>\n\n\n\n<li><strong>Programa de Control del Tabaquisme de l\u2019 Organitzaci\u00f3 Mundial de la Salut<\/strong>. Designaci\u00f3 de l\u2019ICO com a Centre Col\u00b7laborador de l\u2019OMS per al Control del Tabac.\u00a0<\/li>\n\n\n\n<li><strong>Imperial College London<\/strong> (Filippos Filippidis)<\/li>\n\n\n\n<li><strong>University of Stirling <\/strong>(Sean Sample &amp; Rachel O&#8217;Donell)<\/li>\n\n\n\n<li><strong>European Network for Smoking Prevention de Brusel\u00b7les<\/strong> (Dr. Vardavas). Projectes de recerca internacionals, incloent-hi EUREST-RISE i JATC-1.\u00a0<\/li>\n\n\n\n<li><strong>International Tobacco Control Policy, University of Waterloo<\/strong> (Prof. Fong). Projectes de recerca internacionals (H2020)\u00a0<\/li>\n\n\n\n<li><strong>School of Public Health dela Universitat d\u2019Emory als Estats Units<\/strong> (Prof. Michelle Kegler). Projectes de recerca nacionals.\u00a0<\/li>\n\n\n\n<li><strong>Center for Health Promotion Research de la Universitat de Texas<\/strong> (Prof. Maria E. Fern\u00e1ndez). Projectes de recerca i docents internacionals, amb desenvolupament d\u2019una l\u00ednia pionera d\u2019implementaci\u00f3 d\u2019intervencions pel control del tabac.\u00a0<\/li>\n<\/ul>\n\n\n\n<div class=\"wp-block-columns is-layout-flex wp-container-core-columns-is-layout-28f84493 wp-block-columns-is-layout-flex\">\n<div class=\"wp-block-column is-layout-flow wp-block-column-is-layout-flow\">\n<div style=\"height:88px\" aria-hidden=\"true\" class=\"wp-block-spacer\"><\/div>\n\n\n\n<figure class=\"wp-block-image aligncenter size-large\"><a href=\"https:\/\/salutpublica.gencat.cat\/ca\/inici\"><img loading=\"lazy\" decoding=\"async\" width=\"318\" height=\"64\" src=\"https:\/\/icoprevencio.cat\/uct\/wp-content\/uploads\/sites\/10\/2021\/08\/aspcat.png\" alt=\"\" class=\"wp-image-7636\" srcset=\"https:\/\/icoprevencio.cat\/uct\/wp-content\/uploads\/sites\/10\/2021\/08\/aspcat.png 318w, https:\/\/icoprevencio.cat\/uct\/wp-content\/uploads\/sites\/10\/2021\/08\/aspcat-300x60.png 300w\" sizes=\"auto, (max-width: 318px) 100vw, 318px\" \/><\/a><figcaption class=\"wp-element-caption\">Ag\u00e8ncia de Salut P\u00fablica de Catalunya<\/figcaption><\/figure>\n<\/div>\n\n\n\n<div class=\"wp-block-column is-layout-flow wp-block-column-is-layout-flow\">\n<figure class=\"wp-block-image aligncenter size-large\"><a href=\"https:\/\/www.aspb.cat\/\"><img loading=\"lazy\" decoding=\"async\" width=\"688\" height=\"381\" src=\"https:\/\/icoprevencio.cat\/uct\/wp-content\/uploads\/sites\/10\/2021\/08\/ASPB.jpg\" alt=\"\" class=\"wp-image-7592\" srcset=\"https:\/\/icoprevencio.cat\/uct\/wp-content\/uploads\/sites\/10\/2021\/08\/ASPB.jpg 688w, https:\/\/icoprevencio.cat\/uct\/wp-content\/uploads\/sites\/10\/2021\/08\/ASPB-300x166.jpg 300w, https:\/\/icoprevencio.cat\/uct\/wp-content\/uploads\/sites\/10\/2021\/08\/ASPB-565x313.jpg 565w\" sizes=\"auto, (max-width: 688px) 100vw, 688px\" \/><\/a><figcaption class=\"wp-element-caption\">Ag\u00e8ncia de Salut P\u00fablica de Barcelona (ASPB)<\/figcaption><\/figure>\n<\/div>\n\n\n\n<div class=\"wp-block-column is-layout-flow wp-block-column-is-layout-flow\">\n<div style=\"height:76px\" aria-hidden=\"true\" class=\"wp-block-spacer\"><\/div>\n\n\n\n<figure class=\"wp-block-image size-large\"><a href=\"https:\/\/www.mscbs.gob.es\/\"><img loading=\"lazy\" decoding=\"async\" width=\"1024\" height=\"274\" src=\"https:\/\/icoprevencio.cat\/uct\/wp-content\/uploads\/sites\/10\/2021\/08\/sanidad-1024x274.png\" alt=\"\" class=\"wp-image-7633\" srcset=\"https:\/\/icoprevencio.cat\/uct\/wp-content\/uploads\/sites\/10\/2021\/08\/sanidad-1024x274.png 1024w, https:\/\/icoprevencio.cat\/uct\/wp-content\/uploads\/sites\/10\/2021\/08\/sanidad-300x80.png 300w, https:\/\/icoprevencio.cat\/uct\/wp-content\/uploads\/sites\/10\/2021\/08\/sanidad-768x206.png 768w, https:\/\/icoprevencio.cat\/uct\/wp-content\/uploads\/sites\/10\/2021\/08\/sanidad-750x201.png 750w, https:\/\/icoprevencio.cat\/uct\/wp-content\/uploads\/sites\/10\/2021\/08\/sanidad.png 1280w\" sizes=\"auto, (max-width: 1024px) 100vw, 1024px\" \/><\/a><figcaption class=\"wp-element-caption\">Ministerio de Sanidad<\/figcaption><\/figure>\n<\/div>\n<\/div>\n\n\n\n<div style=\"height:1px\" aria-hidden=\"true\" class=\"wp-block-spacer\"><\/div>\n\n\n\n<div class=\"wp-block-columns is-layout-flex wp-container-core-columns-is-layout-28f84493 wp-block-columns-is-layout-flex\">\n<div class=\"wp-block-column is-layout-flow wp-block-column-is-layout-flow\">\n<div style=\"height:135px\" aria-hidden=\"true\" class=\"wp-block-spacer\"><\/div>\n\n\n\n<figure class=\"wp-block-image aligncenter size-large is-resized\"><a href=\"https:\/\/www.marionegri.it\/\"><img loading=\"lazy\" decoding=\"async\" width=\"458\" height=\"76\" src=\"https:\/\/icoprevencio.cat\/uct\/wp-content\/uploads\/sites\/10\/2021\/08\/mario-negri.png\" alt=\"\" class=\"wp-image-7601\" style=\"width:249px;height:41px\" srcset=\"https:\/\/icoprevencio.cat\/uct\/wp-content\/uploads\/sites\/10\/2021\/08\/mario-negri.png 458w, https:\/\/icoprevencio.cat\/uct\/wp-content\/uploads\/sites\/10\/2021\/08\/mario-negri-300x50.png 300w, https:\/\/icoprevencio.cat\/uct\/wp-content\/uploads\/sites\/10\/2021\/08\/mario-negri-450x76.png 450w\" sizes=\"auto, (max-width: 458px) 100vw, 458px\" \/><\/a><figcaption class=\"wp-element-caption\">Institut de Recerca Farmacologica Mario Negri <\/figcaption><\/figure>\n<\/div>\n\n\n\n<div class=\"wp-block-column is-layout-flow wp-block-column-is-layout-flow\">\n<div style=\"height:70px\" aria-hidden=\"true\" class=\"wp-block-spacer\"><\/div>\n\n\n\n<figure class=\"wp-block-image aligncenter size-large is-resized\"><a href=\"https:\/\/www.ucsf.edu\/\"><img loading=\"lazy\" decoding=\"async\" width=\"1024\" height=\"499\" src=\"https:\/\/icoprevencio.cat\/uct\/wp-content\/uploads\/sites\/10\/2021\/08\/USFC-1024x499.png\" alt=\"\" class=\"wp-image-7604\" style=\"width:225px;height:109px\" srcset=\"https:\/\/icoprevencio.cat\/uct\/wp-content\/uploads\/sites\/10\/2021\/08\/USFC-1024x499.png 1024w, https:\/\/icoprevencio.cat\/uct\/wp-content\/uploads\/sites\/10\/2021\/08\/USFC-300x146.png 300w, https:\/\/icoprevencio.cat\/uct\/wp-content\/uploads\/sites\/10\/2021\/08\/USFC-768x374.png 768w, https:\/\/icoprevencio.cat\/uct\/wp-content\/uploads\/sites\/10\/2021\/08\/USFC-1536x749.png 1536w, https:\/\/icoprevencio.cat\/uct\/wp-content\/uploads\/sites\/10\/2021\/08\/USFC-2048x998.png 2048w, https:\/\/icoprevencio.cat\/uct\/wp-content\/uploads\/sites\/10\/2021\/08\/USFC-750x366.png 750w\" sizes=\"auto, (max-width: 1024px) 100vw, 1024px\" \/><\/a><figcaption class=\"wp-element-caption\">Universitat de California San Francisco<\/figcaption><\/figure>\n\n\n\n<p><\/p>\n<\/div>\n\n\n\n<div class=\"wp-block-column is-layout-flow wp-block-column-is-layout-flow\">\n<figure class=\"wp-block-image aligncenter size-large is-resized\"><a href=\"https:\/\/cnpt.es\/\"><img loading=\"lazy\" decoding=\"async\" width=\"225\" height=\"225\" src=\"https:\/\/icoprevencio.cat\/uct\/wp-content\/uploads\/sites\/10\/2021\/08\/cnpt.png\" alt=\"\" class=\"wp-image-7622\" style=\"width:181px;height:181px\" srcset=\"https:\/\/icoprevencio.cat\/uct\/wp-content\/uploads\/sites\/10\/2021\/08\/cnpt.png 225w, https:\/\/icoprevencio.cat\/uct\/wp-content\/uploads\/sites\/10\/2021\/08\/cnpt-150x150.png 150w, https:\/\/icoprevencio.cat\/uct\/wp-content\/uploads\/sites\/10\/2021\/08\/cnpt-30x30.png 30w\" sizes=\"auto, (max-width: 225px) 100vw, 225px\" \/><\/a><figcaption class=\"wp-element-caption\">Comit\u00e9 Nacional para la Prevenci\u00f3n del Tabaquismo<\/figcaption><\/figure>\n<\/div>\n<\/div>\n\n\n\n<div style=\"height:1px\" aria-hidden=\"true\" class=\"wp-block-spacer\"><\/div>\n\n\n\n<div class=\"wp-block-columns is-layout-flex wp-container-core-columns-is-layout-28f84493 wp-block-columns-is-layout-flex\">\n<div class=\"wp-block-column is-layout-flow wp-block-column-is-layout-flow\">\n<div style=\"height:40px\" aria-hidden=\"true\" class=\"wp-block-spacer\"><\/div>\n\n\n\n<figure class=\"wp-block-image aligncenter size-large\"><a href=\"https:\/\/www.who.int\/es\"><img loading=\"lazy\" decoding=\"async\" width=\"1024\" height=\"329\" src=\"https:\/\/icoprevencio.cat\/uct\/wp-content\/uploads\/sites\/10\/2021\/08\/WHO-1024x329.jpg\" alt=\"\" class=\"wp-image-7627\" srcset=\"https:\/\/icoprevencio.cat\/uct\/wp-content\/uploads\/sites\/10\/2021\/08\/WHO-1024x329.jpg 1024w, https:\/\/icoprevencio.cat\/uct\/wp-content\/uploads\/sites\/10\/2021\/08\/WHO-300x96.jpg 300w, https:\/\/icoprevencio.cat\/uct\/wp-content\/uploads\/sites\/10\/2021\/08\/WHO-768x247.jpg 768w, https:\/\/icoprevencio.cat\/uct\/wp-content\/uploads\/sites\/10\/2021\/08\/WHO-1536x493.jpg 1536w, https:\/\/icoprevencio.cat\/uct\/wp-content\/uploads\/sites\/10\/2021\/08\/WHO-2048x658.jpg 2048w, https:\/\/icoprevencio.cat\/uct\/wp-content\/uploads\/sites\/10\/2021\/08\/WHO-750x241.jpg 750w\" sizes=\"auto, (max-width: 1024px) 100vw, 1024px\" \/><\/a><figcaption class=\"wp-element-caption\">Organitzaci\u00f3 Mundial de la Salut<\/figcaption><\/figure>\n<\/div>\n\n\n\n<div class=\"wp-block-column is-layout-flow wp-block-column-is-layout-flow\">\n<figure class=\"wp-block-image size-large\"><a href=\"http:\/\/ensp.network\/\"><img loading=\"lazy\" decoding=\"async\" width=\"304\" height=\"158\" src=\"https:\/\/icoprevencio.cat\/uct\/wp-content\/uploads\/sites\/10\/2021\/08\/enpslogo.png\" alt=\"\" class=\"wp-image-7630\" srcset=\"https:\/\/icoprevencio.cat\/uct\/wp-content\/uploads\/sites\/10\/2021\/08\/enpslogo.png 304w, https:\/\/icoprevencio.cat\/uct\/wp-content\/uploads\/sites\/10\/2021\/08\/enpslogo-300x156.png 300w\" sizes=\"auto, (max-width: 304px) 100vw, 304px\" \/><\/a><figcaption class=\"wp-element-caption\">European Network for Smoking and Tobacco Prevention<\/figcaption><\/figure>\n<\/div>\n\n\n\n<div class=\"wp-block-column is-layout-flow wp-block-column-is-layout-flow\">\n<div style=\"height:30px\" aria-hidden=\"true\" class=\"wp-block-spacer\"><\/div>\n\n\n\n<figure class=\"wp-block-image aligncenter size-large\"><a href=\"https:\/\/www.tobaccofreehealthcare.org\/\"><img loading=\"lazy\" decoding=\"async\" width=\"1024\" height=\"377\" src=\"https:\/\/icoprevencio.cat\/uct\/wp-content\/uploads\/sites\/10\/2016\/05\/Global-Network-Logo-orig-cmyc-big-1024x377.jpg\" alt=\"\" class=\"wp-image-5583\" srcset=\"https:\/\/icoprevencio.cat\/uct\/wp-content\/uploads\/sites\/10\/2016\/05\/Global-Network-Logo-orig-cmyc-big-1024x377.jpg 1024w, https:\/\/icoprevencio.cat\/uct\/wp-content\/uploads\/sites\/10\/2016\/05\/Global-Network-Logo-orig-cmyc-big-300x110.jpg 300w, https:\/\/icoprevencio.cat\/uct\/wp-content\/uploads\/sites\/10\/2016\/05\/Global-Network-Logo-orig-cmyc-big-768x283.jpg 768w, https:\/\/icoprevencio.cat\/uct\/wp-content\/uploads\/sites\/10\/2016\/05\/Global-Network-Logo-orig-cmyc-big-750x276.jpg 750w\" sizes=\"auto, (max-width: 1024px) 100vw, 1024px\" \/><\/a><figcaption class=\"wp-element-caption\">The Global Network<br>for Tobacco Free Healthcare Services<\/figcaption><\/figure>\n<\/div>\n<\/div>\n\n\n\n<div style=\"height:1px\" aria-hidden=\"true\" class=\"wp-block-spacer\"><\/div>\n\n\n\n<p><\/p>\n","protected":false},"excerpt":{"rendered":"<p>El Grup mant\u00e9 relacions estables de recerca i formaci\u00f3 amb diversos grups nacionals i internacionals de recerca en control del tabaquisme&nbsp;<\/p>\n","protected":false},"author":15,"featured_media":0,"parent":0,"menu_order":0,"comment_status":"closed","ping_status":"closed","template":"","meta":{"_uag_custom_page_level_css":"","site-sidebar-layout":"default","site-content-layout":"","ast-site-content-layout":"default","site-content-style":"default","site-sidebar-style":"default","ast-global-header-display":"","ast-banner-title-visibility":"","ast-main-header-display":"","ast-hfb-above-header-display":"","ast-hfb-below-header-display":"","ast-hfb-mobile-header-display":"","site-post-title":"","ast-breadcrumbs-content":"","ast-featured-img":"","footer-sml-layout":"","ast-disable-related-posts":"","theme-transparent-header-meta":"","adv-header-id-meta":"","stick-header-meta":"","header-above-stick-meta":"","header-main-stick-meta":"","header-below-stick-meta":"","astra-migrate-meta-layouts":"set","ast-page-background-enabled":"default","ast-page-background-meta":{"desktop":{"background-color":"var(--ast-global-color-4)","background-image":"","background-repeat":"repeat","background-position":"center center","background-size":"auto","background-attachment":"scroll","background-type":"","background-media":"","overlay-type":"","overlay-color":"","overlay-opacity":"","overlay-gradient":""},"tablet":{"background-color":"","background-image":"","background-repeat":"repeat","background-position":"center center","background-size":"auto","background-attachment":"scroll","background-type":"","background-media":"","overlay-type":"","overlay-color":"","overlay-opacity":"","overlay-gradient":""},"mobile":{"background-color":"","background-image":"","background-repeat":"repeat","background-position":"center center","background-size":"auto","background-attachment":"scroll","background-type":"","background-media":"","overlay-type":"","overlay-color":"","overlay-opacity":"","overlay-gradient":""}},"ast-content-background-meta":{"desktop":{"background-color":"var(--ast-global-color-5)","background-image":"","background-repeat":"repeat","background-position":"center center","background-size":"auto","background-attachment":"scroll","background-type":"","background-media":"","overlay-type":"","overlay-color":"","overlay-opacity":"","overlay-gradient":""},"tablet":{"background-color":"var(--ast-global-color-5)","background-image":"","background-repeat":"repeat","background-position":"center center","background-size":"auto","background-attachment":"scroll","background-type":"","background-media":"","overlay-type":"","overlay-color":"","overlay-opacity":"","overlay-gradient":""},"mobile":{"background-color":"var(--ast-global-color-5)","background-image":"","background-repeat":"repeat","background-position":"center center","background-size":"auto","background-attachment":"scroll","background-type":"","background-media":"","overlay-type":"","overlay-color":"","overlay-opacity":"","overlay-gradient":""}},"_vp_format_video_url":"","_vp_image_focal_point":[],"footnotes":""},"class_list":["post-7591","page","type-page","status-publish","hentry"],"uagb_featured_image_src":{"full":false,"thumbnail":false,"medium":false,"medium_large":false,"large":false,"1536x1536":false,"2048x2048":false,"vp_sm":false,"vp_md":false,"vp_lg":false,"vp_xl":false,"vp_sm_popup":false,"vp_md_popup":false,"vp_xl_popup":false},"uagb_author_info":{"display_name":"xesco","author_link":"https:\/\/icoprevencio.cat\/uct\/author\/xesco\/"},"uagb_comment_info":0,"uagb_excerpt":"El Grup mant\u00e9 relacions estables de recerca i formaci\u00f3 amb diversos grups nacionals i internacionals de recerca en control del tabaquisme&nbsp;","_links":{"self":[{"href":"https:\/\/icoprevencio.cat\/uct\/wp-json\/wp\/v2\/pages\/7591","targetHints":{"allow":["GET"]}}],"collection":[{"href":"https:\/\/icoprevencio.cat\/uct\/wp-json\/wp\/v2\/pages"}],"about":[{"href":"https:\/\/icoprevencio.cat\/uct\/wp-json\/wp\/v2\/types\/page"}],"author":[{"embeddable":true,"href":"https:\/\/icoprevencio.cat\/uct\/wp-json\/wp\/v2\/users\/15"}],"replies":[{"embeddable":true,"href":"https:\/\/icoprevencio.cat\/uct\/wp-json\/wp\/v2\/comments?post=7591"}],"version-history":[{"count":54,"href":"https:\/\/icoprevencio.cat\/uct\/wp-json\/wp\/v2\/pages\/7591\/revisions"}],"predecessor-version":[{"id":10246,"href":"https:\/\/icoprevencio.cat\/uct\/wp-json\/wp\/v2\/pages\/7591\/revisions\/10246"}],"wp:attachment":[{"href":"https:\/\/icoprevencio.cat\/uct\/wp-json\/wp\/v2\/media?parent=7591"}],"curies":[{"name":"wp","href":"https:\/\/api.w.org\/{rel}","templated":true}]}}